{"id":20080,"date":"2021-03-03T18:16:56","date_gmt":"2021-03-03T17:16:56","guid":{"rendered":"https:\/\/www.ev-esm.org\/?page_id=20080"},"modified":"2024-09-11T09:48:06","modified_gmt":"2024-09-11T07:48:06","slug":"buero","status":"publish","type":"page","link":"https:\/\/ev-esm.org\/de\/verein\/buero\/","title":{"rendered":"Sekretariat"},"content":{"rendered":"<div class=\"wpb-content-wrapper\"><p>[vc_row css_animation=&#8220;&#8220; row_type=&#8220;row&#8220; use_row_as_full_screen_section=&#8220;no&#8220; type=&#8220;full_width&#8220; angled_section=&#8220;no&#8220; text_align=&#8220;left&#8220; background_image_as_pattern=&#8220;without_pattern&#8220;][vc_column][vc_column_text]<\/p>\n<h4><strong>Sekretariat der EV-ESM<br \/>\n<\/strong><\/h4>\n<p>&nbsp;<\/p>\n<h4><strong>Elternvereinigung der Europ\u00e4ischen Schule M\u00fcnchen e.V.<\/strong><\/h4>\n<p>Auguste-Kent-Platz 3<br \/>\n81549 M\u00fcnchen<\/p>\n<p>+49 (0)89 628 164 310 &#8211; Transport, generell<\/p>\n<p>+49 (0)89 628 164 311 &#8211; Nebenschulaktivit\u00e4ten, generell<\/p>\n<p><a href=\"mailto:office@ev-esm.org\">office@ev-esm.org<\/a><\/p>\n<p>&nbsp;<\/p>\n<h4><strong>\u00d6ffnungszeiten<\/strong><\/h4>\n<p>Montag bis Freitag\u00a0 9:30 Uhr \u2013 11:30 Uhr. W\u00e4hrend der Schulferien ist das B\u00fcro geschlossen.<\/p>\n<p>&nbsp;<\/p>\n<h4>Mitarbeiterinnen des Sekretariats<\/h4>\n<h4><strong>\n<table id=\"tablepress-19\" class=\"tablepress tablepress-id-19 tablepress-responsive\">\n<tbody class=\"row-hover\">\n<tr class=\"row-1 odd\">\n\t<td class=\"column-1\"><img decoding=\"async\" src=\"https:\/\/www.ev-esm.org\/wp-content\/uploads\/2021\/09\/Valerie-225x300.jpg\" alt=\"\" width=\"145\" height=\"200\" class=\"alignnone size-medium wp-image-21289\" \/><\/td><td class=\"column-2\">Valerie Feldmann<\/td>\n<\/tr>\n<tr class=\"row-2 even\">\n\t<td class=\"column-1\"><\/td><td class=\"column-2\">C\u00e9line Noevig<\/td>\n<\/tr>\n<tr class=\"row-3 odd\">\n\t<td class=\"column-1\"><img decoding=\"async\" src=\"https:\/\/www.ev-esm.org\/wp-content\/uploads\/2021\/09\/Pilar-Marti\u0301nez-200x300.png\" alt=\"\" width=\"140\" height=\"200\" class=\"alignnone size-medium wp-image-21292\" \/><\/td><td class=\"column-2\">Pilar Martinez<\/td>\n<\/tr>\n<tr class=\"row-4 even\">\n\t<td class=\"column-1\"><img decoding=\"async\" src=\"https:\/\/www.ev-esm.org\/wp-content\/uploads\/2021\/09\/Nathalie-217x300.jpg\" alt=\"\" width=\"150\" height=\"200\" class=\"alignnone size-medium wp-image-21293\" \/><\/td><td class=\"column-2\">Nathalie Scheib<\/td>\n<\/tr>\n<tr class=\"row-5 odd\">\n\t<td class=\"column-1\"><img decoding=\"async\" src=\"https:\/\/www.ev-esm.org\/wp-content\/uploads\/2021\/09\/Delia-214x300.png\" alt=\"\" width=\"150\" height=\"200\" class=\"alignnone size-medium wp-image-21299\" \/><br \/>\n<\/td><td class=\"column-2\">Delia Vincze<\/td>\n<\/tr>\n<tr class=\"row-6 even\">\n\t<td class=\"column-1\"><\/td><td class=\"column-2\">Britta Sandmann<\/td>\n<\/tr>\n<tr class=\"row-7 odd\">\n\t<td class=\"column-1\"><\/td><td class=\"column-2\">Laurette Aug\u00e9<\/td>\n<\/tr>\n<tr class=\"row-8 even\">\n\t<td class=\"column-1\"><\/td><td class=\"column-2\"><\/td>\n<\/tr>\n<\/tbody>\n<\/table>\n<!-- #tablepress-19 from cache --><\/strong><\/h4>\n<p>&nbsp;<\/p>\n<h4><strong>Buchhaltung<\/strong><\/h4>\n<p>Jens Gerhardt<br \/>\n<a href=\"mailto:buchhaltung@ev-esm.org\" target=\"_self\" rel=\"noopener noreferrer\">buchhaltung@ev-esm.org<\/a><\/p>\n<p>&nbsp;<\/p>\n<h4><strong>Website Manager<\/strong><\/h4>\n<p>Flavio Carsughi<br \/>\n<a href=\"mailto:informationen.vorstand@ev-esm.org\" target=\"_self\" rel=\"noopener noreferrer\">informationen.vorstand@ev-esm.org<\/a><\/p>\n<p>&nbsp;<\/p>\n<h4>Datenschutz Beantragte<\/h4>\n<p>Katia Sittler<br \/>\n<a href=\"mailto:datenschutz@ev-esm.org\">datenschutz@ev-esm.org<\/a>[\/vc_column_text][\/vc_column][\/vc_row]<\/p>\n<\/div>","protected":false},"excerpt":{"rendered":"<p>[vc_row css_animation=&#8220;&#8220; row_type=&#8220;row&#8220; use_row_as_full_screen_section=&#8220;no&#8220; type=&#8220;full_width&#8220; angled_section=&#8220;no&#8220; text_align=&#8220;left&#8220; background_image_as_pattern=&#8220;without_pattern&#8220;][vc_column][vc_column_text] Sekretariat der EV-ESM &nbsp; Elternvereinigung der Europ\u00e4ischen Schule M\u00fcnchen e.V. Auguste-Kent-Platz 3 81549 M\u00fcnchen +49 (0)89 628 164 310 &#8211; Transport, generell +49 (0)89 628 164 311 &#8211; Nebenschulaktivit\u00e4ten, generell office@ev-esm.org &nbsp; \u00d6ffnungszeiten Montag bis Freitag\u00a0 9:30 Uhr \u2013 11:30 Uhr. W\u00e4hrend der Schulferien ist das B\u00fcro geschlossen. &nbsp; Mitarbeiterinnen des Sekretariats &nbsp; Buchhaltung Jens Gerhardt buchhaltung@ev-esm.org &nbsp; Website Manager Flavio Carsughi informationen.vorstand@ev-esm.org &nbsp; Datenschutz Beantragte Katia Sittler datenschutz@ev-esm.org[\/vc_column_text][\/vc_column][\/vc_row]<\/p>\n","protected":false},"author":3,"featured_media":0,"parent":18432,"menu_order":0,"comment_status":"closed","ping_status":"closed","template":"","meta":{"footnotes":""},"_links":{"self":[{"href":"https:\/\/ev-esm.org\/de\/wp-json\/wp\/v2\/pages\/20080"}],"collection":[{"href":"https:\/\/ev-esm.org\/de\/wp-json\/wp\/v2\/pages"}],"about":[{"href":"https:\/\/ev-esm.org\/de\/wp-json\/wp\/v2\/types\/page"}],"author":[{"embeddable":true,"href":"https:\/\/ev-esm.org\/de\/wp-json\/wp\/v2\/users\/3"}],"replies":[{"embeddable":true,"href":"https:\/\/ev-esm.org\/de\/wp-json\/wp\/v2\/comments?post=20080"}],"version-history":[{"count":16,"href":"https:\/\/ev-esm.org\/de\/wp-json\/wp\/v2\/pages\/20080\/revisions"}],"predecessor-version":[{"id":24109,"href":"https:\/\/ev-esm.org\/de\/wp-json\/wp\/v2\/pages\/20080\/revisions\/24109"}],"up":[{"embeddable":true,"href":"https:\/\/ev-esm.org\/de\/wp-json\/wp\/v2\/pages\/18432"}],"wp:attachment":[{"href":"https:\/\/ev-esm.org\/de\/wp-json\/wp\/v2\/media?parent=20080"}],"curies":[{"name":"wp","href":"https:\/\/api.w.org\/{rel}","templated":true}]}}